{"id":178,"date":"2024-04-28T08:07:15","date_gmt":"2024-04-28T08:07:15","guid":{"rendered":"https:\/\/urff.app\/?page_id=178"},"modified":"2026-09-05T17:01:05","modified_gmt":"2026-09-05T17:01:05","slug":"grundschrift","status":"publish","type":"page","link":"https:\/\/urff.app\/es\/grundschrift\/","title":{"rendered":"Fuente b\u00e1sica"},"content":{"rendered":"<p class=\"wp-block-paragraph\">Porque no tengo ninguna informaci\u00f3n gratuita y disponible gratuitamente en Internet.\u00a0<a href=\"http:\/\/de.wikipedia.org\/wiki\/Grundschrift\" target=\"_blank\" rel=\"noreferrer noopener\">Fuente b\u00e1sica<\/a>Encontr\u00e9 la fuente con la ayuda de\u00a0<a href=\"http:\/\/www.myscriptfont.com\/de.html\" target=\"_blank\" rel=\"noreferrer noopener\">myscriptfont.com<\/a>\u00a0fabric\u00f3 r\u00e1pidamente una casera para crear materiales did\u00e1cticos para mis alumnos y alumnas. Con gusto comparto la fuente y la pongo aqu\u00ed\u00a0<a href=\"https:\/\/fontlibrary.org\/de\/font\/grundschrift\" target=\"_blank\" rel=\"noreferrer noopener\">para descargar\u00a0<\/a>listo. La fuente puede y debe utilizarse y distribuirse libremente para materiales educativos de cualquier forma (hojas de trabajo, fichas, medios digitales, ...). Est\u00e1 expresamente permitido y es deseable compartir los materiales de aprendizaje creados con ella p\u00fablicamente (por ejemplo, en blogs, portales, sitios web, ...). Tambi\u00e9n se permite el uso comercial de la tipograf\u00eda. La \u00fanica condici\u00f3n es que el nombre de la fuente (\u201eGrundschrift von Christian Urff\u201c) aparezca en la letra peque\u00f1a en alguna parte, para que los usuarios tambi\u00e9n puedan encontrarla y utilizarla.<\/p>\n\n\n\n<p class=\"wp-block-paragraph\">Para instalar bajo Windows el&nbsp;<a href=\"http:\/\/support.microsoft.com\/kb\/314960\/de\" target=\"_blank\" rel=\"noreferrer noopener\">Archivos de fuentes en el directorio C:\/Windows\/Fonts<\/a>&nbsp;Copiar. En Mac el&nbsp;<a href=\"http:\/\/www.maceinsteiger.de\/how-to\/fonts-schriften-unter-mac-os-installieren\/\" target=\"_blank\" rel=\"noreferrer noopener\">Arrastrar y soltar el archivo en la aplicaci\u00f3n \u201eCat\u00e1logo de Tipos de Letra\u201c<\/a>.<\/p>\n\n\n\n<p class=\"wp-block-paragraph\">La escritura esta encendida\u00a0<a href=\"https:\/\/fontlibrary.org\/de\/font\/grundschrift\" target=\"_blank\" rel=\"noreferrer noopener\">openfontlibrary.org<\/a>\u00a0disponible y tambi\u00e9n se puede integrar en sitios web o aplicaciones web a trav\u00e9s de CSS.<\/p>\n\n\n\n<figure class=\"wp-block-image aligncenter\"><a href=\"http:\/\/openfontlibrary.org\/de\/font\/grundschrift\"><img decoding=\"async\" src=\"http:\/\/www.lernsoftware-mathematik.de\/wp-content\/uploads\/2012\/04\/Grundschrift3.0.png\" alt=\"Grundschrift3.0\" class=\"wp-image-1839\"\/><\/a><\/figure>\n\n\n\n<figure class=\"wp-block-image aligncenter\"><a href=\"http:\/\/openfontlibrary.org\/de\/font\/grundschrift\"><img decoding=\"async\" src=\"http:\/\/www.lernsoftware-mathematik.de\/wp-content\/uploads\/2016\/08\/Grundschrift3-1.png\" alt=\"Grundschrift3\" class=\"wp-image-1835\"\/><\/a><\/figure>\n\n\n\n<p class=\"wp-block-paragraph\">Pr\u00e1cticamente se ha incluido una funci\u00f3n para la creaci\u00f3n de hojas de ejercicios de matem\u00e1ticas: todos los n\u00fameros tienen el mismo ancho de car\u00e1cter, de modo que los n\u00fameros quedan exactamente alineados uno debajo del otro cuando se escriben varios ejercicios en vertical. Simplemente se ve ordenado y facilita el trabajo alineado por posiciones. En muchas fuentes me molesta que el signo igual o los n\u00fameros no queden exactamente alineados o que haya que corregirlo \u201ea mano\u201c. Aqu\u00ed hay un ejemplo de c\u00f3mo puede verse esto en la pr\u00e1ctica: &nbsp;<\/p>\n\n\n\n<figure class=\"wp-block-image aligncenter\"><a href=\"http:\/\/www.lernsoftware-mathematik.de\/wp-content\/uploads\/2014\/08\/Mathe.png\"><img decoding=\"async\" src=\"http:\/\/www.lernsoftware-mathematik.de\/wp-content\/uploads\/2014\/08\/Mathe.png\" alt=\"grundschrift_mathe\" class=\"wp-image-1773\"\/><\/a><\/figure>\n\n\n\n<p class=\"wp-block-paragraph\">El recuadro (\u201e2 cifras de ancho\u201c) se crea con el s\u00edmbolo \u201e\u00a7\u201c, y un recuadro m\u00e1s peque\u00f1o con \u201e#\u201c.<\/p>","protected":false},"excerpt":{"rendered":"<p>Weil ich im Internet keine kostenlose und frei verf\u00fcgbare\u00a0Grundschrift-Schriftart gefunden habe, habe ich mir mit Hilfe von\u00a0myscriptfont.com\u00a0kurzerhand eine selbst gebastelt, um Unterrichtsmaterialien f\u00fcr meine Sch\u00fclerinnen und Sch\u00fcler zu erstellen. Ich teile die Schriftart gerne und stelle sie hier\u00a0zum Download\u00a0bereit. Die Font soll und darf frei f\u00fcr Unterrichtsmaterialien jeglicher Form (Arbeitsbl\u00e4tter, Karteien, digitale Medien, &#8230;) verwendet [&hellip;]<\/p>\n","protected":false},"author":1,"featured_media":0,"parent":0,"menu_order":0,"comment_status":"closed","ping_status":"closed","template":"","meta":{"footnotes":""},"class_list":["post-178","page","type-page","status-publish","hentry"],"_links":{"self":[{"href":"https:\/\/urff.app\/es\/wp-json\/wp\/v2\/pages\/178","targetHints":{"allow":["GET"]}}],"collection":[{"href":"https:\/\/urff.app\/es\/wp-json\/wp\/v2\/pages"}],"about":[{"href":"https:\/\/urff.app\/es\/wp-json\/wp\/v2\/types\/page"}],"author":[{"embeddable":true,"href":"https:\/\/urff.app\/es\/wp-json\/wp\/v2\/users\/1"}],"replies":[{"embeddable":true,"href":"https:\/\/urff.app\/es\/wp-json\/wp\/v2\/comments?post=178"}],"version-history":[{"count":4,"href":"https:\/\/urff.app\/es\/wp-json\/wp\/v2\/pages\/178\/revisions"}],"predecessor-version":[{"id":1350,"href":"https:\/\/urff.app\/es\/wp-json\/wp\/v2\/pages\/178\/revisions\/1350"}],"wp:attachment":[{"href":"https:\/\/urff.app\/es\/wp-json\/wp\/v2\/media?parent=178"}],"curies":[{"name":"wp","href":"https:\/\/api.w.org\/{rel}","templated":true}]}}