{"id":178,"date":"2024-04-28T08:07:15","date_gmt":"2024-04-28T08:07:15","guid":{"rendered":"https:\/\/urff.app\/?page_id=178"},"modified":"2026-09-05T17:01:05","modified_gmt":"2026-09-05T17:01:05","slug":"grundschrift","status":"publish","type":"page","link":"https:\/\/urff.app\/ja\/grundschrift\/","title":{"rendered":"\u57fa\u672c\u30d5\u30a9\u30f3\u30c8"},"content":{"rendered":"<p class=\"wp-block-paragraph\">\u30a4\u30f3\u30bf\u30fc\u30cd\u30c3\u30c8\u4e0a\u306b\u7121\u6599\u3067\u7121\u6599\u3067\u5165\u624b\u3067\u304d\u308b\u60c5\u5831\u304c\u306a\u3044\u305f\u3081\u3001\u00a0<a href=\"http:\/\/de.wikipedia.org\/wiki\/Grundschrift\" target=\"_blank\" rel=\"noreferrer noopener\">\u57fa\u672c\u30d5\u30a9\u30f3\u30c8<\/a>\u306e\u52a9\u3051\u3092\u501f\u308a\u3066\u30d5\u30a9\u30f3\u30c8\u3092\u898b\u3064\u3051\u307e\u3057\u305f\u00a0<a href=\"http:\/\/www.myscriptfont.com\/de.html\" target=\"_blank\" rel=\"noreferrer noopener\">myscriptfont.com<\/a>\u00a0kurzerhand eine selbst gebastelt, um Unterrichtsmaterialien f\u00fcr meine Sch\u00fclerinnen und Sch\u00fcler zu erstellen. Ich teile die Schriftart gerne und stelle sie hier\u00a0<a href=\"https:\/\/fontlibrary.org\/de\/font\/grundschrift\" target=\"_blank\" rel=\"noreferrer noopener\">\u30c0\u30a6\u30f3\u30ed\u30fc\u30c9\u7528\u00a0<\/a>bereit. Die Font soll und darf frei f\u00fcr Unterrichtsmaterialien jeglicher Form (Arbeitsbl\u00e4tter, Karteien, digitale Medien, &#8230;) verwendet und weitergegeben werden. Es ist ausdr\u00fccklich erlaubt und erw\u00fcnscht, damit erstellte Lernmaterialien \u00f6ffentlich (z.B. auf Blogs, Portalen, Webseiten, &#8230;) zu teilen. Auch ein kommerzieller Einsatz der Schrift ist erlaubt. Einzige Bedingung ist, dass der Name der Schrift (\u201eGrundschrift von Christian Urff\u201c) im Kleingedruckten irgendwo auftaucht, damit die Schrift dann auch von den Nutzern gefunden und verwendet werden kann.<\/p>\n\n\n\n<p class=\"wp-block-paragraph\">Windows \u306b\u30a4\u30f3\u30b9\u30c8\u30fc\u30eb\u3059\u308b\u306b\u306f\u3001&nbsp;<a href=\"http:\/\/support.microsoft.com\/kb\/314960\/de\" target=\"_blank\" rel=\"noreferrer noopener\">C:\/Windows\/Fonts \u30c7\u30a3\u30ec\u30af\u30c8\u30ea\u5185\u306e\u30d5\u30a9\u30f3\u30c8 \u30d5\u30a1\u30a4\u30eb<\/a>&nbsp;\u30b3\u30d4\u30fc\u3002 Mac \u3067\u306f\u3001&nbsp;<a href=\"http:\/\/www.maceinsteiger.de\/how-to\/fonts-schriften-unter-mac-os-installieren\/\" target=\"_blank\" rel=\"noreferrer noopener\">Datei per Drag&amp;Drop in das Programm \u201eSchriftsammlung\u201c ziehen<\/a>.<\/p>\n\n\n\n<p class=\"wp-block-paragraph\">\u66f8\u304d\u8fbc\u307f\u4e2d\u3067\u3059\u00a0<a href=\"https:\/\/fontlibrary.org\/de\/font\/grundschrift\" target=\"_blank\" rel=\"noreferrer noopener\">\u30aa\u30fc\u30d7\u30f3\u30d5\u30a9\u30f3\u30c8\u30e9\u30a4\u30d6\u30e9\u30ea.org<\/a>\u00a0\u304c\u5229\u7528\u53ef\u80fd\u3067\u3001CSS \u3092\u4ecb\u3057\u3066 Web \u30b5\u30a4\u30c8\u3084 Web \u30a2\u30d7\u30ea\u30b1\u30fc\u30b7\u30e7\u30f3\u306b\u7d71\u5408\u3059\u308b\u3053\u3068\u3082\u3067\u304d\u307e\u3059\u3002<\/p>\n\n\n\n<figure class=\"wp-block-image aligncenter\"><a href=\"http:\/\/openfontlibrary.org\/de\/font\/grundschrift\"><img decoding=\"async\" src=\"http:\/\/www.lernsoftware-mathematik.de\/wp-content\/uploads\/2012\/04\/Grundschrift3.0.png\" alt=\"Grundschrift3.0\" class=\"wp-image-1839\"\/><\/a><\/figure>\n\n\n\n<figure class=\"wp-block-image aligncenter\"><a href=\"http:\/\/openfontlibrary.org\/de\/font\/grundschrift\"><img decoding=\"async\" src=\"http:\/\/www.lernsoftware-mathematik.de\/wp-content\/uploads\/2016\/08\/Grundschrift3-1.png\" alt=\"Grundschrift3\" class=\"wp-image-1835\"\/><\/a><\/figure>\n\n\n\n<p class=\"wp-block-paragraph\">Praktisch ist eine Funktion f\u00fcr die Erstellung von Mathe-Aufgabenbl\u00e4ttern eingef\u00fcgt: S\u00e4mtliche Zahlen haben die gleiche Zeichenbreite, sodass die Zahlen genau untereinander stehen, wenn mehrere Aufgaben untereinander geschrieben werden. Das sieht einfach ordentlich aus und erleichtert das stellengenaue Arbeiten. Mich st\u00f6rt es bei vielen Schriftarten, dass dann das Gleichzeichen bzw. Zahlen nicht genau untereinanderstehen bzw. es \u201evon Hand\u201c korrigiert werden&nbsp;muss. Hier ein Beispiel, wie das praktisch aussehen kann: &nbsp;<\/p>\n\n\n\n<figure class=\"wp-block-image aligncenter\"><a href=\"http:\/\/www.lernsoftware-mathematik.de\/wp-content\/uploads\/2014\/08\/Mathe.png\"><img decoding=\"async\" src=\"http:\/\/www.lernsoftware-mathematik.de\/wp-content\/uploads\/2014\/08\/Mathe.png\" alt=\"grundschrift_mathe\" class=\"wp-image-1773\"\/><\/a><\/figure>\n\n\n\n<p class=\"wp-block-paragraph\">Das K\u00e4stchen (\u201e2 Zahlen breit\u201c) l\u00e4sst sich \u00fcber das Zeichen \u201e\u00a7\u201c herstellen, ein kleinerer Kasten mit \u201e#\u201c.<\/p>","protected":false},"excerpt":{"rendered":"<p>Weil ich im Internet keine kostenlose und frei verf\u00fcgbare\u00a0Grundschrift-Schriftart gefunden habe, habe ich mir mit Hilfe von\u00a0myscriptfont.com\u00a0kurzerhand eine selbst gebastelt, um Unterrichtsmaterialien f\u00fcr meine Sch\u00fclerinnen und Sch\u00fcler zu erstellen. Ich teile die Schriftart gerne und stelle sie hier\u00a0zum Download\u00a0bereit. Die Font soll und darf frei f\u00fcr Unterrichtsmaterialien jeglicher Form (Arbeitsbl\u00e4tter, Karteien, digitale Medien, &#8230;) verwendet und weitergegeben werden. Es ist ausdr\u00fccklich erlaubt und erw\u00fcnscht, damit erstellte Lernmaterialien \u00f6ffentlich (z.B. auf Blogs, Portalen, Webseiten, &#8230;) zu teilen. Auch ein kommerzieller Einsatz der Schrift ist erlaubt. Einzige Bedingung ist, dass der Name der Schrift (\u201eGrundschrift von Christian Urff\u201c) im Kleingedruckten irgendwo auftaucht, damit die Schrift dann auch von den Nutzern gefunden und [&hellip;]<\/p>\n","protected":false},"author":1,"featured_media":0,"parent":0,"menu_order":0,"comment_status":"closed","ping_status":"closed","template":"","meta":{"footnotes":""},"class_list":["post-178","page","type-page","status-publish","hentry"],"_links":{"self":[{"href":"https:\/\/urff.app\/ja\/wp-json\/wp\/v2\/pages\/178","targetHints":{"allow":["GET"]}}],"collection":[{"href":"https:\/\/urff.app\/ja\/wp-json\/wp\/v2\/pages"}],"about":[{"href":"https:\/\/urff.app\/ja\/wp-json\/wp\/v2\/types\/page"}],"author":[{"embeddable":true,"href":"https:\/\/urff.app\/ja\/wp-json\/wp\/v2\/users\/1"}],"replies":[{"embeddable":true,"href":"https:\/\/urff.app\/ja\/wp-json\/wp\/v2\/comments?post=178"}],"version-history":[{"count":4,"href":"https:\/\/urff.app\/ja\/wp-json\/wp\/v2\/pages\/178\/revisions"}],"predecessor-version":[{"id":1350,"href":"https:\/\/urff.app\/ja\/wp-json\/wp\/v2\/pages\/178\/revisions\/1350"}],"wp:attachment":[{"href":"https:\/\/urff.app\/ja\/wp-json\/wp\/v2\/media?parent=178"}],"curies":[{"name":"wp","href":"https:\/\/api.w.org\/{rel}","templated":true}]}}